{"id":3782,"date":"2024-11-20T00:49:45","date_gmt":"2024-11-19T23:49:45","guid":{"rendered":"https:\/\/olalon.com\/serveis\/agencia-de-disseny-grafic-i-branding-a-tarragona\/estrategia-de-branding\/"},"modified":"2025-07-19T08:20:38","modified_gmt":"2025-07-19T06:20:38","slug":"estrategia-de-branding","status":"publish","type":"page","link":"https:\/\/olalon.com\/ca\/serveis\/agencia-de-disseny-grafic-i-branding-a-tarragona\/estrategia-de-branding\/","title":{"rendered":"Estrat\u00e8gia de branding"},"content":{"rendered":"\n<div class=\"wp-block-manifesto-gutenberg-container content-row dark-section normal\" data-bgcolor=\"#000000\" style=\"text-align:left\">\n<div class=\"wp-block-manifesto-gutenberg-clipped-image clipped-image-wrapper\"><div class=\"clipped-image-pin\"><div class=\"clipped-image\"><img decoding=\"async\" src=\"https:\/\/olalon.com\/wp-content\/uploads\/2024\/12\/Diseno-sin-titulo-9.jpg\" alt=\"\"\/><div class=\"clipped-image-gradient\"><\/div><\/div><\/div><div class=\"clipped-image-content content-full-width\">\n<div class=\"wp-block-manifesto-gutenberg-marquee-content marquee-text-wrapper\"><h1 class=\"marquee-text no-margins fw big-title\">\nESTRAT\u00c8GIA DE <em>BRANDING<\/em>\n<\/h1><\/div>\n<\/div><\/div>\n<\/div>\n\n\n\n<div class=\"wp-block-manifesto-gutenberg-container content-row dark-section normal row_padding_top row_padding_bottom\" data-bgcolor=\"#000000\" style=\"text-align:left\">\n<div class=\"wp-block-columns pinned-section is-layout-flex wp-container-core-columns-is-layout-1 wp-block-columns-is-layout-flex\">\n<div class=\"wp-block-column scrolling-element left is-layout-flow wp-block-column-is-layout-flow\">\n<figure class=\"wp-block-image size-large\"><img loading=\"lazy\" decoding=\"async\" width=\"683\" height=\"1024\" src=\"https:\/\/olalon.com\/wp-content\/uploads\/2024\/09\/CHIRIN-MKT-COLOR-148-683x1024.webp\" alt=\"Fotografia de producte\" class=\"wp-image-1046\" srcset=\"https:\/\/olalon.com\/wp-content\/uploads\/2024\/09\/CHIRIN-MKT-COLOR-148-683x1024.webp 683w, https:\/\/olalon.com\/wp-content\/uploads\/2024\/09\/CHIRIN-MKT-COLOR-148-200x300.webp 200w, https:\/\/olalon.com\/wp-content\/uploads\/2024\/09\/CHIRIN-MKT-COLOR-148-768x1151.webp 768w, https:\/\/olalon.com\/wp-content\/uploads\/2024\/09\/CHIRIN-MKT-COLOR-148-1025x1536.webp 1025w, https:\/\/olalon.com\/wp-content\/uploads\/2024\/09\/CHIRIN-MKT-COLOR-148.webp 1334w\" sizes=\"auto, (max-width: 683px) 100vw, 683px\" \/><\/figure>\n<\/div>\n\n\n\n<div class=\"wp-block-column pinned-element right is-layout-flow wp-block-column-is-layout-flow\">\n<h3 class=\"wp-block-heading\">L\u2019estrat\u00e8gia de branding \u00e9s dissenyar una personalitat.<\/h3>\n\n\n\n<p class=\"has-text-color has-link-color wp-elements-a8daaf90d36be1d2f74f7f8b195a79d4\" style=\"color:#ededed\">El branding \u00e9s molt m\u00e9s que un logo, igual que el disseny gr\u00e0fic \u00e9s molt m\u00e9s que colors i formes. Ambd\u00f3s conceptes s\u00f3n eines comunicatives amb una tremenda for\u00e7a visual, i la t\u00e8cnica ha d\u2019estar sempre al servei del missatge. De qu\u00e8 serveix una il\u00b7lustraci\u00f3 impecable si no transmet els valors de la nostra marca? Aqu\u00ed \u00e9s on entra el nostre expertise com a ag\u00e8ncia de branding i disseny gr\u00e0fic.   <\/p>\n\n\n\n<p class=\"has-text-color has-link-color wp-elements-0eaf791aef4221fe6f8f3b906541c637\" style=\"color:#ededed\">Posem el nostre equip al servei dels teus objectius i fonem les idees per transformar-les en comunicaci\u00f3 visual potent, t\u00e8cnicament impecable i enfocada a connectar amb el teu p\u00fablic.<\/p>\n\n\n\n<p class=\"has-text-color has-link-color wp-elements-f1c79388bdd2d2ad22237dd5f31401ad\" style=\"color:#ededed\">S\u00ed, es pot traduir &#8220;branding&#8221; com a &#8220;fer marca&#8221; o &#8220;crear marca&#8221;. \u00c9s una manera molt clara i entenedora de transmetre el concepte en catal\u00e0. Vols que ho utilitzem aix\u00ed a les traduccions?<\/p>\n\n\n\n<p><\/p>\n<\/div>\n<\/div>\n<\/div>\n\n\n\n<div class=\"wp-block-manifesto-gutenberg-container content-row dark-section full change-header-color\" data-bgcolor=\"#171717\" style=\"text-align:left\">\n<figure class=\"wp-block-manifesto-gutenberg-parallax-image has-parallax has-parallax-content\" data-delay=\"0\"><img decoding=\"async\" src=\"https:\/\/olalon.com\/wp-content\/uploads\/2024\/09\/NUTS-C.-Blanca-3.webp\" alt=\"Fotografia de producto alimentario\"\/><div class=\"parallax-image-content content-full-width text-align-left\"><div class=\"outer\"><div class=\"inner\">\n<div class=\"wp-block-columns is-layout-flex wp-container-core-columns-is-layout-2 wp-block-columns-is-layout-flex\">\n<div class=\"wp-block-column is-layout-flow wp-block-column-is-layout-flow\"><\/div>\n\n\n\n<div class=\"wp-block-column is-layout-flow wp-block-column-is-layout-flow\">\n<h2 class=\"wp-block-heading has-mask-fill has-black-color has-text-color has-link-color wp-elements-c21d1648db4a7e593deb8dc03c90caf2\">Creem marques que connecten amb persones.<\/h2>\n<\/div>\n<\/div>\n<\/div><\/div><\/div><\/figure>\n<\/div>\n\n\n\n<div class=\"wp-block-manifesto-gutenberg-container content-row light-section normal row_padding_top row_padding_bottom\" data-bgcolor=\"#171717\" style=\"text-align:left\">\n<div class=\"wp-block-columns pinned-section is-layout-flex wp-container-core-columns-is-layout-3 wp-block-columns-is-layout-flex\">\n<div class=\"wp-block-column scrolling-element left is-layout-flow wp-block-column-is-layout-flow\">\n<figure class=\"wp-block-image size-large\"><img loading=\"lazy\" decoding=\"async\" width=\"683\" height=\"1024\" src=\"https:\/\/olalon.com\/wp-content\/uploads\/2024\/09\/MSV-Bodego-NEWS-28-683x1024.jpg\" alt=\"Fotografia de producte\" class=\"wp-image-1050\" srcset=\"https:\/\/olalon.com\/wp-content\/uploads\/2024\/09\/MSV-Bodego-NEWS-28-683x1024.jpg 683w, https:\/\/olalon.com\/wp-content\/uploads\/2024\/09\/MSV-Bodego-NEWS-28-200x300.jpg 200w, https:\/\/olalon.com\/wp-content\/uploads\/2024\/09\/MSV-Bodego-NEWS-28-768x1151.jpg 768w, https:\/\/olalon.com\/wp-content\/uploads\/2024\/09\/MSV-Bodego-NEWS-28-1025x1536.jpg 1025w, https:\/\/olalon.com\/wp-content\/uploads\/2024\/09\/MSV-Bodego-NEWS-28.jpg 1366w\" sizes=\"auto, (max-width: 683px) 100vw, 683px\" \/><\/figure>\n<\/div>\n\n\n\n<div class=\"wp-block-column pinned-element right is-layout-flow wp-block-column-is-layout-flow\">\n<h3 class=\"wp-block-heading has-white-color has-text-color has-link-color wp-elements-72d727d3706a9d88c7e92fb26daa6277\">Marques que entren a l\u2019imaginari.<\/h3>\n\n\n\n<p class=\"has-text-color has-link-color wp-elements-a934578118394ebe88f7756448a5c809\" style=\"color:#ededed\">Una marca, com una persona, ha de tenir el seu car\u00e0cter, la seva personalitat, el seu to de veu. Les seves virtuts i els seus defectes. Hi ha marques que ens desperten m\u00e9s simpatia que d\u2019altres, i \u00e9s l\u00f2gic, perqu\u00e8 una marca, igual que una persona, ser\u00e0 m\u00e9s af\u00ed a algunes persones i menys a d\u2019altres.  <\/p>\n\n\n\n<p class=\"has-text-color has-link-color wp-elements-f20764e7f3a48ca633f25c1d1ecf8661\" style=\"color:#ededed\">Aquests s\u00f3n els fonaments d\u2019una estrat\u00e8gia de branding: construir aquest imaginari, una personalitat definida que pugui convertir una marca en una filosofia, en una manera d\u2019entendre el m\u00f3n que els consumidors o clients potencials comparteixen. <\/p>\n\n\n\n<p><\/p>\n<\/div>\n<\/div>\n<\/div>\n\n\n\n<p><\/p>\n\n\n\n<div class=\"wp-block-manifesto-gutenberg-container content-row light-section normal\" data-bgcolor=\"#ffffff\" style=\"text-align:left\">\n<div class=\"wp-block-manifesto-gutenberg-list-rotator list-rotator-wrapper\"><div class=\"list-rotator-title has-mask-fill\">Serveis de disseny gr\u00e0fic<\/div><div class=\"list-rotator-height\"><div class=\"list-rotator-pin\"><ul class=\"list-rotator\">\n<li class=\"wp-block-manifesto-gutenberg-list-rotator-item\">\n<a href=\"\/ca\/serveis\/agencia-de-disseny-grafic-i-branding-a-tarragona\/identitat-corporativa\/\">Identitat<em>Corporativa<\/em><\/a>\n<\/li>\n\n\n\n<li class=\"wp-block-manifesto-gutenberg-list-rotator-item\">\n<a href=\"\/ca\/serveis\/agencia-de-disseny-grafic-i-branding-a-tarragona\/disseny-de-packaging\/\">Disseny de <em>packaging<\/em><\/a>\n<\/li>\n\n\n\n<li class=\"wp-block-manifesto-gutenberg-list-rotator-item\">\n<a href=\"\/ca\/serveis\/agencia-de-disseny-grafic-i-branding-a-tarragona\/publicitat-exterior\/\">Disseny de <em> cartelleria<\/em\n<\/a>\n<\/li>\n\n\n\n<li class=\"wp-block-manifesto-gutenberg-list-rotator-item\">\n<a href=\"\/servicios\/agencia-de-diseno-grafico-y-branding-en-tarragona\/diseno-de-folletos-y-flyers\/\">Disseny de <em>Fullets i flyers<\/em><\/a>\n<\/li>\n\n\n\n<li class=\"wp-block-manifesto-gutenberg-list-rotator-item\">\n<a href=\"\/ca\/serveis\/agencia-de-disseny-grafic-i-branding-a-tarragona\/disseny-editorial\/\">Disseny <em>Editorial<\/em><\/a>\n<\/li>\n\n\n\n<li class=\"wp-block-manifesto-gutenberg-list-rotator-item\">\n<a href=\"\/ca\/serveis\/agencia-de-disseny-grafic-i-branding-a-tarragona\/estrategia-de-branding\/\">Estrat\u00e8gia de <em>branding<\/em><\/a>\n<\/li>\n<\/ul><\/div><\/div><\/div>\n<\/div>\n","protected":false},"excerpt":{"rendered":"","protected":false},"author":2,"featured_media":0,"parent":3649,"menu_order":0,"comment_status":"closed","ping_status":"closed","template":"","meta":{"_acf_changed":false,"_joinchat":[],"footnotes":""},"class_list":["post-3782","page","type-page","status-publish","hentry"],"acf":[],"yoast_head":"<!-- This site is optimized with the Yoast SEO plugin v25.4 - https:\/\/yoast.com\/wordpress\/plugins\/seo\/ -->\n<title>Estrat\u00e8gia de branding | Olalon<\/title>\n<meta name=\"description\" content=\"Desenvolupem la teva estrat\u00e8gia de branding per diferenciar la teva marca, connectar amb la teva audi\u00e8ncia i construir una identitat s\u00f2lida i memorable.\" \/>\n<meta name=\"robots\" content=\"index, follow, max-snippet:-1, max-image-preview:large, max-video-preview:-1\" \/>\n<link rel=\"canonical\" href=\"https:\/\/olalon.com\/ca\/serveis\/agencia-de-disseny-grafic-i-branding-a-tarragona\/estrategia-de-branding\/\" \/>\n<meta property=\"og:locale\" content=\"ca_ES\" \/>\n<meta property=\"og:type\" content=\"article\" \/>\n<meta property=\"og:title\" content=\"Estrat\u00e8gia de branding | Olalon\" \/>\n<meta property=\"og:description\" content=\"Desenvolupem la teva estrat\u00e8gia de branding per diferenciar la teva marca, connectar amb la teva audi\u00e8ncia i construir una identitat s\u00f2lida i memorable.\" \/>\n<meta property=\"og:url\" content=\"https:\/\/olalon.com\/ca\/serveis\/agencia-de-disseny-grafic-i-branding-a-tarragona\/estrategia-de-branding\/\" \/>\n<meta property=\"og:site_name\" content=\"Olalon\" \/>\n<meta property=\"article:modified_time\" content=\"2025-07-19T06:20:38+00:00\" \/>\n<meta property=\"og:image\" content=\"https:\/\/olalon.com\/wp-content\/uploads\/2024\/12\/Diseno-sin-titulo-9.jpg\" \/>\n<meta name=\"twitter:card\" content=\"summary_large_image\" \/>\n<meta name=\"twitter:label1\" content=\"Temps estimat de lectura\" \/>\n\t<meta name=\"twitter:data1\" content=\"3 minuts\" \/>\n<script type=\"application\/ld+json\" class=\"yoast-schema-graph\">{\"@context\":\"https:\/\/schema.org\",\"@graph\":[{\"@type\":\"WebPage\",\"@id\":\"https:\/\/olalon.com\/ca\/serveis\/agencia-de-disseny-grafic-i-branding-a-tarragona\/estrategia-de-branding\/\",\"url\":\"https:\/\/olalon.com\/ca\/serveis\/agencia-de-disseny-grafic-i-branding-a-tarragona\/estrategia-de-branding\/\",\"name\":\"Estrat\u00e8gia de branding | Olalon\",\"isPartOf\":{\"@id\":\"https:\/\/olalon.com\/ca\/#website\"},\"primaryImageOfPage\":{\"@id\":\"https:\/\/olalon.com\/ca\/serveis\/agencia-de-disseny-grafic-i-branding-a-tarragona\/estrategia-de-branding\/#primaryimage\"},\"image\":{\"@id\":\"https:\/\/olalon.com\/ca\/serveis\/agencia-de-disseny-grafic-i-branding-a-tarragona\/estrategia-de-branding\/#primaryimage\"},\"thumbnailUrl\":\"https:\/\/olalon.com\/wp-content\/uploads\/2024\/12\/Diseno-sin-titulo-9.jpg\",\"datePublished\":\"2024-11-19T23:49:45+00:00\",\"dateModified\":\"2025-07-19T06:20:38+00:00\",\"description\":\"Desenvolupem la teva estrat\u00e8gia de branding per diferenciar la teva marca, connectar amb la teva audi\u00e8ncia i construir una identitat s\u00f2lida i memorable.\",\"breadcrumb\":{\"@id\":\"https:\/\/olalon.com\/ca\/serveis\/agencia-de-disseny-grafic-i-branding-a-tarragona\/estrategia-de-branding\/#breadcrumb\"},\"inLanguage\":\"ca\",\"potentialAction\":[{\"@type\":\"ReadAction\",\"target\":[\"https:\/\/olalon.com\/ca\/serveis\/agencia-de-disseny-grafic-i-branding-a-tarragona\/estrategia-de-branding\/\"]}]},{\"@type\":\"ImageObject\",\"inLanguage\":\"ca\",\"@id\":\"https:\/\/olalon.com\/ca\/serveis\/agencia-de-disseny-grafic-i-branding-a-tarragona\/estrategia-de-branding\/#primaryimage\",\"url\":\"https:\/\/olalon.com\/wp-content\/uploads\/2024\/12\/Diseno-sin-titulo-9.jpg\",\"contentUrl\":\"https:\/\/olalon.com\/wp-content\/uploads\/2024\/12\/Diseno-sin-titulo-9.jpg\"},{\"@type\":\"BreadcrumbList\",\"@id\":\"https:\/\/olalon.com\/ca\/serveis\/agencia-de-disseny-grafic-i-branding-a-tarragona\/estrategia-de-branding\/#breadcrumb\",\"itemListElement\":[{\"@type\":\"ListItem\",\"position\":1,\"name\":\"Portada\",\"item\":\"https:\/\/olalon.com\/ca\/ugc-los-contenidos-reales-que-mejor-funcionan-en-redes\/\"},{\"@type\":\"ListItem\",\"position\":2,\"name\":\"Serveis\",\"item\":\"https:\/\/olalon.com\/ca\/ugc-los-contenidos-reales-que-mejor-funcionan-en-redes\/\"},{\"@type\":\"ListItem\",\"position\":3,\"name\":\"Ag\u00e8ncia de Disseny Gr\u00e0fic i Branding a Tarragona\",\"item\":\"https:\/\/olalon.com\/ca\/ugc-los-contenidos-reales-que-mejor-funcionan-en-redes\/\"},{\"@type\":\"ListItem\",\"position\":4,\"name\":\"Estrat\u00e8gia de branding\"}]},{\"@type\":\"WebSite\",\"@id\":\"https:\/\/olalon.com\/ca\/#website\",\"url\":\"https:\/\/olalon.com\/ca\/\",\"name\":\"Olalon\",\"description\":\"Agencia de Publicidad, Dise\u00f1o y Marketing Online\",\"publisher\":{\"@id\":\"https:\/\/olalon.com\/ca\/#organization\"},\"potentialAction\":[{\"@type\":\"SearchAction\",\"target\":{\"@type\":\"EntryPoint\",\"urlTemplate\":\"https:\/\/olalon.com\/ca\/?s={search_term_string}\"},\"query-input\":{\"@type\":\"PropertyValueSpecification\",\"valueRequired\":true,\"valueName\":\"search_term_string\"}}],\"inLanguage\":\"ca\"},{\"@type\":\"Organization\",\"@id\":\"https:\/\/olalon.com\/ca\/#organization\",\"name\":\"Olalon\",\"url\":\"https:\/\/olalon.com\/ca\/\",\"logo\":{\"@type\":\"ImageObject\",\"inLanguage\":\"ca\",\"@id\":\"https:\/\/olalon.com\/ca\/#\/schema\/logo\/image\/\",\"url\":\"https:\/\/olalon.com\/wp-content\/uploads\/2025\/02\/Logo_Olalon-01.png\",\"contentUrl\":\"https:\/\/olalon.com\/wp-content\/uploads\/2025\/02\/Logo_Olalon-01.png\",\"width\":2249,\"height\":989,\"caption\":\"Olalon\"},\"image\":{\"@id\":\"https:\/\/olalon.com\/ca\/#\/schema\/logo\/image\/\"},\"sameAs\":[\"https:\/\/www.instagram.com\/olalonstudio\/\",\"https:\/\/www.youtube.com\/c\/olalonstudio\",\"https:\/\/www.tiktok.com\/@olalonstudio\"]}]}<\/script>\n<!-- \/ Yoast SEO plugin. -->","yoast_head_json":{"title":"Estrat\u00e8gia de branding | Olalon","description":"Desenvolupem la teva estrat\u00e8gia de branding per diferenciar la teva marca, connectar amb la teva audi\u00e8ncia i construir una identitat s\u00f2lida i memorable.","robots":{"index":"index","follow":"follow","max-snippet":"max-snippet:-1","max-image-preview":"max-image-preview:large","max-video-preview":"max-video-preview:-1"},"canonical":"https:\/\/olalon.com\/ca\/serveis\/agencia-de-disseny-grafic-i-branding-a-tarragona\/estrategia-de-branding\/","og_locale":"ca_ES","og_type":"article","og_title":"Estrat\u00e8gia de branding | Olalon","og_description":"Desenvolupem la teva estrat\u00e8gia de branding per diferenciar la teva marca, connectar amb la teva audi\u00e8ncia i construir una identitat s\u00f2lida i memorable.","og_url":"https:\/\/olalon.com\/ca\/serveis\/agencia-de-disseny-grafic-i-branding-a-tarragona\/estrategia-de-branding\/","og_site_name":"Olalon","article_modified_time":"2025-07-19T06:20:38+00:00","og_image":[{"url":"https:\/\/olalon.com\/wp-content\/uploads\/2024\/12\/Diseno-sin-titulo-9.jpg","type":"","width":"","height":""}],"twitter_card":"summary_large_image","twitter_misc":{"Temps estimat de lectura":"3 minuts"},"schema":{"@context":"https:\/\/schema.org","@graph":[{"@type":"WebPage","@id":"https:\/\/olalon.com\/ca\/serveis\/agencia-de-disseny-grafic-i-branding-a-tarragona\/estrategia-de-branding\/","url":"https:\/\/olalon.com\/ca\/serveis\/agencia-de-disseny-grafic-i-branding-a-tarragona\/estrategia-de-branding\/","name":"Estrat\u00e8gia de branding | Olalon","isPartOf":{"@id":"https:\/\/olalon.com\/ca\/#website"},"primaryImageOfPage":{"@id":"https:\/\/olalon.com\/ca\/serveis\/agencia-de-disseny-grafic-i-branding-a-tarragona\/estrategia-de-branding\/#primaryimage"},"image":{"@id":"https:\/\/olalon.com\/ca\/serveis\/agencia-de-disseny-grafic-i-branding-a-tarragona\/estrategia-de-branding\/#primaryimage"},"thumbnailUrl":"https:\/\/olalon.com\/wp-content\/uploads\/2024\/12\/Diseno-sin-titulo-9.jpg","datePublished":"2024-11-19T23:49:45+00:00","dateModified":"2025-07-19T06:20:38+00:00","description":"Desenvolupem la teva estrat\u00e8gia de branding per diferenciar la teva marca, connectar amb la teva audi\u00e8ncia i construir una identitat s\u00f2lida i memorable.","breadcrumb":{"@id":"https:\/\/olalon.com\/ca\/serveis\/agencia-de-disseny-grafic-i-branding-a-tarragona\/estrategia-de-branding\/#breadcrumb"},"inLanguage":"ca","potentialAction":[{"@type":"ReadAction","target":["https:\/\/olalon.com\/ca\/serveis\/agencia-de-disseny-grafic-i-branding-a-tarragona\/estrategia-de-branding\/"]}]},{"@type":"ImageObject","inLanguage":"ca","@id":"https:\/\/olalon.com\/ca\/serveis\/agencia-de-disseny-grafic-i-branding-a-tarragona\/estrategia-de-branding\/#primaryimage","url":"https:\/\/olalon.com\/wp-content\/uploads\/2024\/12\/Diseno-sin-titulo-9.jpg","contentUrl":"https:\/\/olalon.com\/wp-content\/uploads\/2024\/12\/Diseno-sin-titulo-9.jpg"},{"@type":"BreadcrumbList","@id":"https:\/\/olalon.com\/ca\/serveis\/agencia-de-disseny-grafic-i-branding-a-tarragona\/estrategia-de-branding\/#breadcrumb","itemListElement":[{"@type":"ListItem","position":1,"name":"Portada","item":"https:\/\/olalon.com\/ca\/ugc-los-contenidos-reales-que-mejor-funcionan-en-redes\/"},{"@type":"ListItem","position":2,"name":"Serveis","item":"https:\/\/olalon.com\/ca\/ugc-los-contenidos-reales-que-mejor-funcionan-en-redes\/"},{"@type":"ListItem","position":3,"name":"Ag\u00e8ncia de Disseny Gr\u00e0fic i Branding a Tarragona","item":"https:\/\/olalon.com\/ca\/ugc-los-contenidos-reales-que-mejor-funcionan-en-redes\/"},{"@type":"ListItem","position":4,"name":"Estrat\u00e8gia de branding"}]},{"@type":"WebSite","@id":"https:\/\/olalon.com\/ca\/#website","url":"https:\/\/olalon.com\/ca\/","name":"Olalon","description":"Agencia de Publicidad, Dise\u00f1o y Marketing Online","publisher":{"@id":"https:\/\/olalon.com\/ca\/#organization"},"potentialAction":[{"@type":"SearchAction","target":{"@type":"EntryPoint","urlTemplate":"https:\/\/olalon.com\/ca\/?s={search_term_string}"},"query-input":{"@type":"PropertyValueSpecification","valueRequired":true,"valueName":"search_term_string"}}],"inLanguage":"ca"},{"@type":"Organization","@id":"https:\/\/olalon.com\/ca\/#organization","name":"Olalon","url":"https:\/\/olalon.com\/ca\/","logo":{"@type":"ImageObject","inLanguage":"ca","@id":"https:\/\/olalon.com\/ca\/#\/schema\/logo\/image\/","url":"https:\/\/olalon.com\/wp-content\/uploads\/2025\/02\/Logo_Olalon-01.png","contentUrl":"https:\/\/olalon.com\/wp-content\/uploads\/2025\/02\/Logo_Olalon-01.png","width":2249,"height":989,"caption":"Olalon"},"image":{"@id":"https:\/\/olalon.com\/ca\/#\/schema\/logo\/image\/"},"sameAs":["https:\/\/www.instagram.com\/olalonstudio\/","https:\/\/www.youtube.com\/c\/olalonstudio","https:\/\/www.tiktok.com\/@olalonstudio"]}]}},"_links":{"self":[{"href":"https:\/\/olalon.com\/ca\/wp-json\/wp\/v2\/pages\/3782","targetHints":{"allow":["GET"]}}],"collection":[{"href":"https:\/\/olalon.com\/ca\/wp-json\/wp\/v2\/pages"}],"about":[{"href":"https:\/\/olalon.com\/ca\/wp-json\/wp\/v2\/types\/page"}],"author":[{"embeddable":true,"href":"https:\/\/olalon.com\/ca\/wp-json\/wp\/v2\/users\/2"}],"replies":[{"embeddable":true,"href":"https:\/\/olalon.com\/ca\/wp-json\/wp\/v2\/comments?post=3782"}],"version-history":[{"count":2,"href":"https:\/\/olalon.com\/ca\/wp-json\/wp\/v2\/pages\/3782\/revisions"}],"predecessor-version":[{"id":4023,"href":"https:\/\/olalon.com\/ca\/wp-json\/wp\/v2\/pages\/3782\/revisions\/4023"}],"up":[{"embeddable":true,"href":"https:\/\/olalon.com\/ca\/wp-json\/wp\/v2\/pages\/3649"}],"wp:attachment":[{"href":"https:\/\/olalon.com\/ca\/wp-json\/wp\/v2\/media?parent=3782"}],"curies":[{"name":"wp","href":"https:\/\/api.w.org\/{rel}","templated":true}]}}