{"id":3835,"date":"2024-09-19T09:30:03","date_gmt":"2024-09-19T07:30:03","guid":{"rendered":"https:\/\/olalon.com\/serveis\/productora-audiovisual\/"},"modified":"2026-04-27T15:37:06","modified_gmt":"2026-04-27T13:37:06","slug":"productora-audiovisual-tarragona","status":"publish","type":"page","link":"https:\/\/olalon.com\/ca\/serveis\/productora-audiovisual-tarragona\/","title":{"rendered":"Productora audiovisual"},"content":{"rendered":"\n<div class=\"wp-block-manifesto-gutenberg-container content-row dark-section normal\" data-bgcolor=\"#000000\" style=\"text-align:left\">\n<div class=\"wp-block-manifesto-gutenberg-clipped-image clipped-image-wrapper\"><div class=\"clipped-image-pin\"><div class=\"clipped-image\"><img decoding=\"async\" src=\"https:\/\/olalon.com\/wp-content\/uploads\/2024\/09\/FRESHLY-KIDS-BODYCREAM2-TIFF-scaled.webp\" alt=\"Fotografia de producto de comestica\"\/><div class=\"content-video-wrapper\"><video class=\"bgvid\" loop muted playsinline><source src=\"https:\/\/olalon.com\/wp-content\/uploads\/2024\/09\/prova.webm\" type=\"video\/mp4\"\/><\/video><\/div><div class=\"clipped-image-gradient\"><\/div><\/div><\/div><div class=\"clipped-image-content content-full-width\">\n<div class=\"wp-block-manifesto-gutenberg-marquee-content marquee-text-wrapper\"><h1 class=\"marquee-text no-margins fw big-title\">\nPRODUCTORA<em> AUDIOVISUAL<\/em> A TARRAGONA\n<\/h1><\/div>\n<\/div><\/div>\n<\/div>\n\n\n\n<div class=\"wp-block-manifesto-gutenberg-container content-row dark-section normal row_padding_top row_padding_bottom\" data-bgcolor=\"#000000\" style=\"text-align:left\">\n<div class=\"wp-block-columns pinned-section is-layout-flex wp-container-core-columns-is-layout-1 wp-block-columns-is-layout-flex\">\n<div class=\"wp-block-column scrolling-element left is-layout-flow wp-block-column-is-layout-flow\">\n<iframe loading=\"lazy\" width=\"471\" height=\"837\" src=\"https:\/\/www.youtube.com\/embed\/LnwqvfCddzU\" title=\"PINTALIS - Mollet del Valle\u0301s\" frameborder=\"0\" allow=\"accelerometer; autoplay; clipboard-write; encrypted-media; gyroscope; picture-in-picture; web-share\" referrerpolicy=\"strict-origin-when-cross-origin\" allowfullscreen=\"\"><\/iframe>\n<\/div>\n\n\n\n<div class=\"wp-block-column pinned-element right is-layout-flow wp-block-column-is-layout-flow\">\n<h2 class=\"wp-block-heading\">PRODUCTORA DE CONTINGUT VISUAL<\/h2>\n\n\n\n<p class=\"has-opacity\">Ho vam aconseguir amb les <strong>3 potes b\u00e0siques<\/strong> del contingut:<\/p>\n\n\n\n<ul class=\"wp-block-list\">\n<li><strong>Contingut de valor:<\/strong> Creem continguts mensuals que puguin aportar coneixement al p\u00fablic. Reels, experi\u00e8ncies, trends i contingut d\u2019expert.  <\/li>\n\n\n\n<li><strong>Branding:<\/strong> Expliquem el dia a dia, cara a cara. Mostrant <strong>qui<\/strong> i <strong>qu\u00e8<\/strong> hi ha darrere d\u2019una marca tan coneguda. <\/li>\n\n\n\n<li><strong>Fotografia de producte:<\/strong> Renovem la fotografia de producte, espais i experi\u00e8ncies perqu\u00e8 encaixi amb els valors. Una fotografia luminosa, viva, que et transporta a situacions i viv\u00e8ncies reals. <\/li>\n<\/ul>\n\n\n\n<p class=\"has-opacity\"><em>Un truc? Acompanyar la fotografia de producte amb aliments que ajudin a evocar els sabors a trav\u00e9s de la pantalla. <\/em><\/p>\n<\/div>\n<\/div>\n<\/div>\n\n\n\n<div class=\"wp-block-manifesto-gutenberg-container content-row light-section normal row_padding_top row_padding_bottom change-header-color\" data-bgcolor=\"#ffffff\" style=\"text-align:left\">\n<h3 class=\"wp-block-heading no-margins\">V\u00eddeo<\/h3>\n\n\n\n<div style=\"height:50px\" aria-hidden=\"true\" class=\"wp-block-spacer\"><\/div>\n\n\n\n<div class=\"wp-block-columns is-layout-flex wp-container-core-columns-is-layout-2 wp-block-columns-is-layout-flex\">\n<div class=\"wp-block-column is-layout-flow wp-block-column-is-layout-flow\" style=\"flex-basis:33.33%\">\n<p class=\"has-mask-fill no-margins\">Spots publicitarios<\/p>\n\n\n\n<p class=\"has-mask-fill no-margins\">V\u00eddeo de producte<\/p>\n\n\n\n<p class=\"has-mask-fill no-margins\">Continguts per a xarxes socials<\/p>\n<\/div>\n\n\n\n<div class=\"wp-block-column is-layout-flow wp-block-column-is-layout-flow\" style=\"flex-basis:66.66%\">\n<p class=\"has-text-align-left\"><strong>El v\u00eddeo \u00e9s l\u2019eina m\u00e9s poderosa per comunicar els valors, la missi\u00f3 i la visi\u00f3 de la teva marca.<\/strong> Des de v\u00eddeos corporatius i publicitaris fins a campanyes a les xarxes socials, creem contingut din\u00e0mic que no nom\u00e9s explica hist\u00f2ries, sin\u00f3 que tamb\u00e9 genera emocions. Ens encarreguem de tot el proc\u00e9s: des del gui\u00f3, la producci\u00f3, fins a l\u2019edici\u00f3 final, per assegurar-nos que cada detall parli el llenguatge visual de la teva marca.  <\/p>\n<\/div>\n<\/div>\n<\/div>\n\n\n\n<div class=\"wp-block-manifesto-gutenberg-container content-row light-section full\" data-bgcolor=\"#171717\" style=\"text-align:left\">\n<figure class=\" \"><a class=\"video-link\" href=\"https:\/\/www.youtube.com\/watch?v=1xtfGJ2wLS4\"><img decoding=\"async\" src=\"https:\/\/olalon.com\/wp-content\/uploads\/2024\/09\/alba-i-marc-1-scaled.webp\" alt=\"\" \/><\/a><\/figure>\n<\/div>\n\n\n\n<div class=\"wp-block-manifesto-gutenberg-container content-row light-section normal row_padding_top change-header-color\" data-bgcolor=\"#ffffff\" style=\"text-align:left\">\n<div class=\"wp-block-columns is-layout-flex wp-container-core-columns-is-layout-3 wp-block-columns-is-layout-flex\">\n<div class=\"wp-block-column is-layout-flow wp-block-column-is-layout-flow\">\n<h3 class=\"wp-block-heading has-mask-fill block-title\">Fotografia<\/h3>\n\n\n\n<p class=\"has-opacity\">Una imatge ben captada pot dir m\u00e9s que mil paraules. La nostra fotografia de branding se centra a ressaltar l\u2019ess\u00e8ncia de la teva empresa, productes o serveis, creant imatges que destaquen en qualsevol plataforma. Treballem amb t\u00e8cniques avan\u00e7ades i un enfocament creatiu per entregar fotografies que reflecteixin la personalitat \u00fanica de la teva marca i captin l\u2019atenci\u00f3 del teu p\u00fablic objectiu.  <\/p>\n\n\n\n<div style=\"height:41px\" aria-hidden=\"true\" class=\"wp-block-spacer\"><\/div>\n<\/div>\n<\/div>\n<\/div>\n\n\n\n<div class=\"wp-block-manifesto-gutenberg-container content-row light-section normal row_padding_bottom change-header-color\" data-bgcolor=\"#ffffff\" style=\"text-align:left\">\n<div class=\"reveal-gallery\"><div class=\"reveal-img\"><img decoding=\"async\" src=\"https:\/\/olalon.com\/wp-content\/uploads\/2024\/09\/GHOST_Marc_2-57.webp\" alt=\"Fotografia de producto\" \/><\/div><div class=\"reveal-img-fixed\"><img decoding=\"async\" src=\"https:\/\/olalon.com\/wp-content\/uploads\/2024\/09\/MSV-Bodego-NEWS-21.jpg\" alt=\"Fotografia de producto\" \/><\/div><div class=\"reveal-img\"><img decoding=\"async\" src=\"https:\/\/olalon.com\/wp-content\/uploads\/2024\/09\/TERR-Models-168.webp\" alt=\"Fotografia de producto\" \/><\/div><\/div>\n<\/div>\n\n\n\n<div class=\"wp-block-manifesto-gutenberg-container content-row dark-section full\" data-bgcolor=\"#171717\" style=\"text-align:left\">\n<figure class=\"wp-block-manifesto-gutenberg-parallax-image has-parallax has-parallax-content\" data-delay=\"0\"><img decoding=\"async\" src=\"https:\/\/olalon.com\/wp-content\/uploads\/2024\/09\/CHIRIN-MKT-COLOR-221-1.webp\" alt=\"\"\/><div class=\"parallax-image-content content-full-width text-align-left\"><div class=\"outer\"><div class=\"inner\">\n<div class=\"wp-block-columns is-layout-flex wp-container-core-columns-is-layout-4 wp-block-columns-is-layout-flex\">\n<div class=\"wp-block-column is-layout-flow wp-block-column-is-layout-flow\"><\/div>\n\n\n\n<div class=\"wp-block-column is-layout-flow wp-block-column-is-layout-flow\">\n<h2 class=\"wp-block-heading has-mask-fill\">Transformem idees en imatges captivadores<\/h2>\n<\/div>\n<\/div>\n<\/div><\/div><\/div><\/figure>\n<\/div>\n\n\n\n<div class=\"wp-block-manifesto-gutenberg-container content-row dark-section full row_padding_top row_padding_bottom\" data-bgcolor=\"transparent\" style=\"text-align:left\">\n<h2 class=\"wp-block-heading has-text-align-center\">Alguns dels nostres projectes <\/h2>\n\n\n\n<!-- Showcase List Holder --><div id=\"itemsWrapperLinks\"><!-- Showcase List --><div id=\"itemsWrapper\" class=\"webgl-fitthumbs fx-seven\"><!-- ClaPat Portfolio --><div class=\"showcase-portfolio layout-three\"><div class=\"clapat-item disseny productora-audiovisual web \"><div class=\"slide-inner trigger-item\" data-centerLine=\"ABRIR\"><div class=\"img-mask\"><a class=\"slide-link\" data-type=\"page-transition\" href=\"https:\/\/olalon.com\/ca\/manifesto_portfolio\/mas-carpi\/\"><\/a><div class=\"section-image trigger-item-link\"><img decoding=\"async\" src=\"https:\/\/olalon.com\/wp-content\/uploads\/2025\/05\/MASCARPI_Revelades-74_resultat.webp\" class=\"item-image grid__item-img\" alt=\"\"><\/div><img decoding=\"async\" class=\"grid__item-img grid__item-img--large\" src=\"https:\/\/olalon.com\/wp-content\/uploads\/2025\/05\/MASCARPI_Revelades-74_resultat.webp\" alt=\"\" \/><\/div><div class=\"slide-caption trigger-item-link-secondary\"><div class=\"slide-title\"><span>Mas<em> Carpi<\/em> <\/span><\/div><div class=\"slide-date\"><span>2024<\/span><\/div><div class=\"slide-cat\"><span>Disseny, Productora audiovisual, web<\/span><\/div><div class=\"slide-icon\"><i class=\"arrow-icon-down\"><\/i><\/div><\/div><\/div><\/div><div class=\"clapat-item productora-audiovisual publicitat \"><div class=\"slide-inner trigger-item\" data-centerLine=\"ABRIR\"><div class=\"img-mask\"><a class=\"slide-link\" data-type=\"page-transition\" href=\"https:\/\/olalon.com\/ca\/manifesto_portfolio\/campanya-turisme-de-cambrils\/\"><\/a><div class=\"section-image trigger-item-link\"><img decoding=\"async\" src=\"https:\/\/olalon.com\/wp-content\/uploads\/2024\/10\/CMB-2_resultat.webp\" class=\"item-image grid__item-img\" alt=\"cambrils foto ni\u00f1a en la playa | olalon\"><\/div><img decoding=\"async\" class=\"grid__item-img grid__item-img--large\" src=\"https:\/\/olalon.com\/wp-content\/uploads\/2024\/10\/CMB-2_resultat.webp\" alt=\"cambrils foto ni\u00f1a en la playa | olalon\" \/><\/div><div class=\"slide-caption trigger-item-link-secondary\"><div class=\"slide-title\"><span><em>Cambrils<\/em> Turisme<\/span><\/div><div class=\"slide-date\"><span>2024<\/span><\/div><div class=\"slide-cat\"><span>Productora audiovisual, Publicitat<\/span><\/div><div class=\"slide-icon\"><i class=\"arrow-icon-down\"><\/i><\/div><\/div><\/div><\/div><div class=\"clapat-item marqueting-en-linia productora-audiovisual \"><div class=\"slide-inner trigger-item\" data-centerLine=\"ABRIR\"><div class=\"img-mask\"><a class=\"slide-link\" data-type=\"page-transition\" href=\"https:\/\/olalon.com\/ca\/manifesto_portfolio\/pintalis\/\"><\/a><div class=\"section-image trigger-item-link\"><img decoding=\"async\" src=\"https:\/\/olalon.com\/wp-content\/uploads\/2024\/10\/OLA-post-IDBIO-Cartel-762-\u00d7-61-cm-5_resultat.webp\" class=\"item-image grid__item-img\" alt=\"\"><\/div><img decoding=\"async\" class=\"grid__item-img grid__item-img--large\" src=\"https:\/\/olalon.com\/wp-content\/uploads\/2024\/10\/OLA-post-IDBIO-Cartel-762-\u00d7-61-cm-5_resultat.webp\" alt=\"\" \/><\/div><div class=\"slide-caption trigger-item-link-secondary\"><div class=\"slide-title\"><span><em>Pintalis<\/em> Mollet<\/span><\/div><div class=\"slide-date\"><span>2024<\/span><\/div><div class=\"slide-cat\"><span>M\u00e0rqueting en l\u00ednia, Productora audiovisual<\/span><\/div><div class=\"slide-icon\"><i class=\"arrow-icon-down\"><\/i><\/div><\/div><\/div><\/div><div class=\"clapat-item marqueting-en-linia productora-audiovisual \"><div class=\"slide-inner trigger-item\" data-centerLine=\"ABRIR\"><div class=\"img-mask\"><a class=\"slide-link\" data-type=\"page-transition\" href=\"https:\/\/olalon.com\/ca\/manifesto_portfolio\/mas-vicenc\/\"><\/a><div class=\"section-image trigger-item-link\"><img decoding=\"async\" src=\"https:\/\/olalon.com\/wp-content\/uploads\/2024\/12\/14_resultat.webp\" class=\"item-image grid__item-img\" alt=\"\"><\/div><img decoding=\"async\" class=\"grid__item-img grid__item-img--large\" src=\"https:\/\/olalon.com\/wp-content\/uploads\/2024\/12\/14_resultat.webp\" alt=\"\" \/><\/div><div class=\"slide-caption trigger-item-link-secondary\"><div class=\"slide-title\"><span>Mas <em>Vicen\u00e7<\/em><\/span><\/div><div class=\"slide-date\"><span>2024<\/span><\/div><div class=\"slide-cat\"><span>M\u00e0rqueting en l\u00ednia, Productora audiovisual<\/span><\/div><div class=\"slide-icon\"><i class=\"arrow-icon-down\"><\/i><\/div><\/div><\/div><\/div><\/div><!--\/Clapat Portfolio--><\/div><!--\/Showcase List--><\/div><!--\/Showcase List Holder-->\n<\/div>\n\n\n\n<div class=\"wp-block-manifesto-gutenberg-container content-row light-section normal\" data-bgcolor=\"#ffffff\" style=\"text-align:left\">\n<div class=\"wp-block-manifesto-gutenberg-list-rotator list-rotator-wrapper\"><div class=\"list-rotator-title has-mask-fill\">Serveis de multim\u00e8dia<\/div><div class=\"list-rotator-height\"><div class=\"list-rotator-pin\"><ul class=\"list-rotator\">\n<li class=\"wp-block-manifesto-gutenberg-list-rotator-item\">\n<a href=\"\/ca\/serveis\/productora-audiovisual\/fotografia-de-producte\/\">Fotografia de producte<\/a>\n<\/li>\n\n\n\n<li class=\"wp-block-manifesto-gutenberg-list-rotator-item\">\n<a href=\"\/ca\/serveis\/productora-audiovisual\/productora-de-videos-corporatius\/\">V\u00eddeos corporatius<\/a>\n<\/li>\n\n\n\n<li class=\"wp-block-manifesto-gutenberg-list-rotator-item\">\n<a href=\"\/ca\/serveis\/productora-audiovisual\/produccio-danuncis-publicitaris\/\">Espots publicitaris <\/a>\n<\/li>\n\n\n\n<li class=\"wp-block-manifesto-gutenberg-list-rotator-item\">\n<a href=\"\/ca\/serveis\/productora-audiovisual\/reportatge-desdeveniments\/\">Reportatge d&#8217;esdeveniment<\/a>\n<\/li>\n\n\n\n<li class=\"wp-block-manifesto-gutenberg-list-rotator-item\">\n<a href=\"\/ca\/serveis\/productora-audiovisual\/branded-content\/\">Video branded content<\/a>\n<\/li>\n\n\n\n<li class=\"wp-block-manifesto-gutenberg-list-rotator-item\">\n<a href=\"\/ca\/serveis\/productora-audiovisual\/video-amb-dron\/\">V\u00eddeo amb dron<\/a>\n<\/li>\n\n\n\n<li class=\"wp-block-manifesto-gutenberg-list-rotator-item\">\n<a href=\"\/ca\/serveis\/productora-audiovisual\/video-danimacio\/\">V\u00eddeo animaci\u00f3<\/a>\n<\/li>\n<\/ul><\/div><\/div><\/div>\n<\/div>\n","protected":false},"excerpt":{"rendered":"","protected":false},"author":4,"featured_media":0,"parent":3767,"menu_order":0,"comment_status":"closed","ping_status":"closed","template":"","meta":{"_acf_changed":false,"_joinchat":[],"footnotes":""},"class_list":["post-3835","page","type-page","status-publish","hentry"],"acf":[],"yoast_head":"<!-- This site is optimized with the Yoast SEO plugin v25.4 - https:\/\/yoast.com\/wordpress\/plugins\/seo\/ -->\n<title>Productora audiovisual a Tarragona. Producci\u00f3, realitzaci\u00f3 i edici\u00f3 de qualsevol tipus de contingut visual.<\/title>\n<meta name=\"description\" content=\"Servei de productora audiovisual a Olalon. Producci\u00f3 audiovisual integral, des de la conceptualitzaci\u00f3 fins a l\u2019entrega del m\u00e0ster final.\" \/>\n<meta name=\"robots\" content=\"index, follow, max-snippet:-1, max-image-preview:large, max-video-preview:-1\" \/>\n<link rel=\"canonical\" href=\"https:\/\/olalon.com\/ca\/serveis\/productora-audiovisual-tarragona\/\" \/>\n<meta property=\"og:locale\" content=\"ca_ES\" \/>\n<meta property=\"og:type\" content=\"article\" \/>\n<meta property=\"og:title\" content=\"Productora audiovisual a Tarragona. Producci\u00f3, realitzaci\u00f3 i edici\u00f3 de qualsevol tipus de contingut visual.\" \/>\n<meta property=\"og:description\" content=\"Servei de productora audiovisual a Olalon. Producci\u00f3 audiovisual integral, des de la conceptualitzaci\u00f3 fins a l\u2019entrega del m\u00e0ster final.\" \/>\n<meta property=\"og:url\" content=\"https:\/\/olalon.com\/ca\/serveis\/productora-audiovisual-tarragona\/\" \/>\n<meta property=\"og:site_name\" content=\"Olalon\" \/>\n<meta property=\"article:modified_time\" content=\"2026-04-27T13:37:06+00:00\" \/>\n<meta property=\"og:image\" content=\"https:\/\/olalon.com\/wp-content\/uploads\/2024\/09\/FRESHLY-KIDS-BODYCREAM2-TIFF-scaled.webp\" \/>\n<meta name=\"twitter:card\" content=\"summary_large_image\" \/>\n<meta name=\"twitter:label1\" content=\"Temps estimat de lectura\" \/>\n\t<meta name=\"twitter:data1\" content=\"2 minuts\" \/>\n<script type=\"application\/ld+json\" class=\"yoast-schema-graph\">{\"@context\":\"https:\/\/schema.org\",\"@graph\":[{\"@type\":\"WebPage\",\"@id\":\"https:\/\/olalon.com\/ca\/serveis\/productora-audiovisual-tarragona\/\",\"url\":\"https:\/\/olalon.com\/ca\/serveis\/productora-audiovisual-tarragona\/\",\"name\":\"Productora audiovisual a Tarragona. Producci\u00f3, realitzaci\u00f3 i edici\u00f3 de qualsevol tipus de contingut visual.\",\"isPartOf\":{\"@id\":\"https:\/\/olalon.com\/ca\/#website\"},\"primaryImageOfPage\":{\"@id\":\"https:\/\/olalon.com\/ca\/serveis\/productora-audiovisual-tarragona\/#primaryimage\"},\"image\":{\"@id\":\"https:\/\/olalon.com\/ca\/serveis\/productora-audiovisual-tarragona\/#primaryimage\"},\"thumbnailUrl\":\"https:\/\/olalon.com\/wp-content\/uploads\/2024\/09\/FRESHLY-KIDS-BODYCREAM2-TIFF-scaled.webp\",\"datePublished\":\"2024-09-19T07:30:03+00:00\",\"dateModified\":\"2026-04-27T13:37:06+00:00\",\"description\":\"Servei de productora audiovisual a Olalon. Producci\u00f3 audiovisual integral, des de la conceptualitzaci\u00f3 fins a l\u2019entrega del m\u00e0ster final.\",\"breadcrumb\":{\"@id\":\"https:\/\/olalon.com\/ca\/serveis\/productora-audiovisual-tarragona\/#breadcrumb\"},\"inLanguage\":\"ca\",\"potentialAction\":[{\"@type\":\"ReadAction\",\"target\":[\"https:\/\/olalon.com\/ca\/serveis\/productora-audiovisual-tarragona\/\"]}]},{\"@type\":\"ImageObject\",\"inLanguage\":\"ca\",\"@id\":\"https:\/\/olalon.com\/ca\/serveis\/productora-audiovisual-tarragona\/#primaryimage\",\"url\":\"https:\/\/olalon.com\/wp-content\/uploads\/2024\/09\/FRESHLY-KIDS-BODYCREAM2-TIFF-scaled.webp\",\"contentUrl\":\"https:\/\/olalon.com\/wp-content\/uploads\/2024\/09\/FRESHLY-KIDS-BODYCREAM2-TIFF-scaled.webp\"},{\"@type\":\"BreadcrumbList\",\"@id\":\"https:\/\/olalon.com\/ca\/serveis\/productora-audiovisual-tarragona\/#breadcrumb\",\"itemListElement\":[{\"@type\":\"ListItem\",\"position\":1,\"name\":\"Portada\",\"item\":\"https:\/\/olalon.com\/ca\/servicios\/agencia-marketing-online-tarragona\/empresa-posicionamiento-seo\/\"},{\"@type\":\"ListItem\",\"position\":2,\"name\":\"Serveis\",\"item\":\"https:\/\/olalon.com\/ca\/servicios\/agencia-marketing-online-tarragona\/empresa-posicionamiento-seo\/\"},{\"@type\":\"ListItem\",\"position\":3,\"name\":\"Productora audiovisual\"}]},{\"@type\":\"WebSite\",\"@id\":\"https:\/\/olalon.com\/ca\/#website\",\"url\":\"https:\/\/olalon.com\/ca\/\",\"name\":\"Olalon\",\"description\":\"Agencia de Publicidad, Dise\u00f1o y Marketing Online\",\"publisher\":{\"@id\":\"https:\/\/olalon.com\/ca\/#organization\"},\"potentialAction\":[{\"@type\":\"SearchAction\",\"target\":{\"@type\":\"EntryPoint\",\"urlTemplate\":\"https:\/\/olalon.com\/ca\/?s={search_term_string}\"},\"query-input\":{\"@type\":\"PropertyValueSpecification\",\"valueRequired\":true,\"valueName\":\"search_term_string\"}}],\"inLanguage\":\"ca\"},{\"@type\":\"Organization\",\"@id\":\"https:\/\/olalon.com\/ca\/#organization\",\"name\":\"Olalon\",\"url\":\"https:\/\/olalon.com\/ca\/\",\"logo\":{\"@type\":\"ImageObject\",\"inLanguage\":\"ca\",\"@id\":\"https:\/\/olalon.com\/ca\/#\/schema\/logo\/image\/\",\"url\":\"https:\/\/olalon.com\/wp-content\/uploads\/2025\/02\/Logo_Olalon-01.png\",\"contentUrl\":\"https:\/\/olalon.com\/wp-content\/uploads\/2025\/02\/Logo_Olalon-01.png\",\"width\":2249,\"height\":989,\"caption\":\"Olalon\"},\"image\":{\"@id\":\"https:\/\/olalon.com\/ca\/#\/schema\/logo\/image\/\"},\"sameAs\":[\"https:\/\/www.instagram.com\/olalonstudio\/\",\"https:\/\/www.youtube.com\/c\/olalonstudio\",\"https:\/\/www.tiktok.com\/@olalonstudio\"]}]}<\/script>\n<!-- \/ Yoast SEO plugin. -->","yoast_head_json":{"title":"Productora audiovisual a Tarragona. Producci\u00f3, realitzaci\u00f3 i edici\u00f3 de qualsevol tipus de contingut visual.","description":"Servei de productora audiovisual a Olalon. Producci\u00f3 audiovisual integral, des de la conceptualitzaci\u00f3 fins a l\u2019entrega del m\u00e0ster final.","robots":{"index":"index","follow":"follow","max-snippet":"max-snippet:-1","max-image-preview":"max-image-preview:large","max-video-preview":"max-video-preview:-1"},"canonical":"https:\/\/olalon.com\/ca\/serveis\/productora-audiovisual-tarragona\/","og_locale":"ca_ES","og_type":"article","og_title":"Productora audiovisual a Tarragona. Producci\u00f3, realitzaci\u00f3 i edici\u00f3 de qualsevol tipus de contingut visual.","og_description":"Servei de productora audiovisual a Olalon. Producci\u00f3 audiovisual integral, des de la conceptualitzaci\u00f3 fins a l\u2019entrega del m\u00e0ster final.","og_url":"https:\/\/olalon.com\/ca\/serveis\/productora-audiovisual-tarragona\/","og_site_name":"Olalon","article_modified_time":"2026-04-27T13:37:06+00:00","og_image":[{"url":"https:\/\/olalon.com\/wp-content\/uploads\/2024\/09\/FRESHLY-KIDS-BODYCREAM2-TIFF-scaled.webp","type":"","width":"","height":""}],"twitter_card":"summary_large_image","twitter_misc":{"Temps estimat de lectura":"2 minuts"},"schema":{"@context":"https:\/\/schema.org","@graph":[{"@type":"WebPage","@id":"https:\/\/olalon.com\/ca\/serveis\/productora-audiovisual-tarragona\/","url":"https:\/\/olalon.com\/ca\/serveis\/productora-audiovisual-tarragona\/","name":"Productora audiovisual a Tarragona. Producci\u00f3, realitzaci\u00f3 i edici\u00f3 de qualsevol tipus de contingut visual.","isPartOf":{"@id":"https:\/\/olalon.com\/ca\/#website"},"primaryImageOfPage":{"@id":"https:\/\/olalon.com\/ca\/serveis\/productora-audiovisual-tarragona\/#primaryimage"},"image":{"@id":"https:\/\/olalon.com\/ca\/serveis\/productora-audiovisual-tarragona\/#primaryimage"},"thumbnailUrl":"https:\/\/olalon.com\/wp-content\/uploads\/2024\/09\/FRESHLY-KIDS-BODYCREAM2-TIFF-scaled.webp","datePublished":"2024-09-19T07:30:03+00:00","dateModified":"2026-04-27T13:37:06+00:00","description":"Servei de productora audiovisual a Olalon. Producci\u00f3 audiovisual integral, des de la conceptualitzaci\u00f3 fins a l\u2019entrega del m\u00e0ster final.","breadcrumb":{"@id":"https:\/\/olalon.com\/ca\/serveis\/productora-audiovisual-tarragona\/#breadcrumb"},"inLanguage":"ca","potentialAction":[{"@type":"ReadAction","target":["https:\/\/olalon.com\/ca\/serveis\/productora-audiovisual-tarragona\/"]}]},{"@type":"ImageObject","inLanguage":"ca","@id":"https:\/\/olalon.com\/ca\/serveis\/productora-audiovisual-tarragona\/#primaryimage","url":"https:\/\/olalon.com\/wp-content\/uploads\/2024\/09\/FRESHLY-KIDS-BODYCREAM2-TIFF-scaled.webp","contentUrl":"https:\/\/olalon.com\/wp-content\/uploads\/2024\/09\/FRESHLY-KIDS-BODYCREAM2-TIFF-scaled.webp"},{"@type":"BreadcrumbList","@id":"https:\/\/olalon.com\/ca\/serveis\/productora-audiovisual-tarragona\/#breadcrumb","itemListElement":[{"@type":"ListItem","position":1,"name":"Portada","item":"https:\/\/olalon.com\/ca\/servicios\/agencia-marketing-online-tarragona\/empresa-posicionamiento-seo\/"},{"@type":"ListItem","position":2,"name":"Serveis","item":"https:\/\/olalon.com\/ca\/servicios\/agencia-marketing-online-tarragona\/empresa-posicionamiento-seo\/"},{"@type":"ListItem","position":3,"name":"Productora audiovisual"}]},{"@type":"WebSite","@id":"https:\/\/olalon.com\/ca\/#website","url":"https:\/\/olalon.com\/ca\/","name":"Olalon","description":"Agencia de Publicidad, Dise\u00f1o y Marketing Online","publisher":{"@id":"https:\/\/olalon.com\/ca\/#organization"},"potentialAction":[{"@type":"SearchAction","target":{"@type":"EntryPoint","urlTemplate":"https:\/\/olalon.com\/ca\/?s={search_term_string}"},"query-input":{"@type":"PropertyValueSpecification","valueRequired":true,"valueName":"search_term_string"}}],"inLanguage":"ca"},{"@type":"Organization","@id":"https:\/\/olalon.com\/ca\/#organization","name":"Olalon","url":"https:\/\/olalon.com\/ca\/","logo":{"@type":"ImageObject","inLanguage":"ca","@id":"https:\/\/olalon.com\/ca\/#\/schema\/logo\/image\/","url":"https:\/\/olalon.com\/wp-content\/uploads\/2025\/02\/Logo_Olalon-01.png","contentUrl":"https:\/\/olalon.com\/wp-content\/uploads\/2025\/02\/Logo_Olalon-01.png","width":2249,"height":989,"caption":"Olalon"},"image":{"@id":"https:\/\/olalon.com\/ca\/#\/schema\/logo\/image\/"},"sameAs":["https:\/\/www.instagram.com\/olalonstudio\/","https:\/\/www.youtube.com\/c\/olalonstudio","https:\/\/www.tiktok.com\/@olalonstudio"]}]}},"_links":{"self":[{"href":"https:\/\/olalon.com\/ca\/wp-json\/wp\/v2\/pages\/3835","targetHints":{"allow":["GET"]}}],"collection":[{"href":"https:\/\/olalon.com\/ca\/wp-json\/wp\/v2\/pages"}],"about":[{"href":"https:\/\/olalon.com\/ca\/wp-json\/wp\/v2\/types\/page"}],"author":[{"embeddable":true,"href":"https:\/\/olalon.com\/ca\/wp-json\/wp\/v2\/users\/4"}],"replies":[{"embeddable":true,"href":"https:\/\/olalon.com\/ca\/wp-json\/wp\/v2\/comments?post=3835"}],"version-history":[{"count":2,"href":"https:\/\/olalon.com\/ca\/wp-json\/wp\/v2\/pages\/3835\/revisions"}],"predecessor-version":[{"id":4043,"href":"https:\/\/olalon.com\/ca\/wp-json\/wp\/v2\/pages\/3835\/revisions\/4043"}],"up":[{"embeddable":true,"href":"https:\/\/olalon.com\/ca\/wp-json\/wp\/v2\/pages\/3767"}],"wp:attachment":[{"href":"https:\/\/olalon.com\/ca\/wp-json\/wp\/v2\/media?parent=3835"}],"curies":[{"name":"wp","href":"https:\/\/api.w.org\/{rel}","templated":true}]}}